{"id":60,"date":"2019-06-03T15:04:27","date_gmt":"2019-06-03T15:04:27","guid":{"rendered":"https:\/\/jordanhof.at\/backend_anmelden\/?page_id=60"},"modified":"2021-07-29T08:57:58","modified_gmt":"2021-07-29T08:57:58","slug":"geschichte","status":"publish","type":"page","link":"https:\/\/jordanhof.at\/index.php\/foerderverein\/geschichte\/","title":{"rendered":"Geschichte"},"content":{"rendered":"<p>[et_pb_section fb_built=&#8220;1&#8243; admin_label=&#8220;Header&#8220; _builder_version=&#8220;4.9.7&#8243; use_background_color_gradient=&#8220;on&#8220; background_color_gradient_start=&#8220;#ffffff&#8220; background_color_gradient_end=&#8220;rgba(255,255,255,0.5)&#8220; background_color_gradient_direction=&#8220;188deg&#8220; background_color_gradient_start_position=&#8220;25%&#8220; background_color_gradient_overlays_image=&#8220;on&#8220; background_image=&#8220;https:\/\/jordanhof.at\/backend_anmelden\/wp-content\/uploads\/2019\/06\/calligraphy_88.jpg&#8220; width=&#8220;100%&#8220; max_width=&#8220;100%&#8220; max_width_tablet=&#8220;&#8220; max_width_phone=&#8220;&#8220; max_width_last_edited=&#8220;on|tablet&#8220; custom_margin_tablet=&#8220;&#8220; custom_margin_phone=&#8220;&#8220; custom_margin_last_edited=&#8220;on|tablet&#8220; custom_padding=&#8220;42px||0px||false|false&#8220; locked=&#8220;off&#8220;][et_pb_row _builder_version=&#8220;4.9.7&#8243; background_color=&#8220;RGBA(0,0,0,0)&#8220; background_size=&#8220;initial&#8220; background_position=&#8220;top_right&#8220; width_tablet=&#8220;&#8220; width_phone=&#8220;&#8220; width_last_edited=&#8220;on|tablet&#8220; custom_margin=&#8220;|auto|6px|auto||&#8220; custom_margin_tablet=&#8220;0px||5px||false|false&#8220; custom_margin_phone=&#8220;&#8220; custom_margin_last_edited=&#8220;on|tablet&#8220; custom_padding=&#8220;0px|40px|4px|40px|false|false&#8220; border_width_all=&#8220;1px&#8220; border_color_all=&#8220;rgba(0,0,0,0.12)&#8220; locked=&#8220;off&#8220;][et_pb_column type=&#8220;4_4&#8243; _builder_version=&#8220;3.25&#8243; custom_padding=&#8220;|||&#8220; custom_padding__hover=&#8220;|||&#8220;][et_pb_image src=&#8220;https:\/\/jordanhof.at\/backend_anmelden\/wp-content\/uploads\/2019\/06\/Favicon-296&#215;300.png&#8220; title_text=&#8220;Favicon&#8220; align=&#8220;right&#8220; align_tablet=&#8220;right&#8220; align_phone=&#8220;&#8220; align_last_edited=&#8220;on|tablet&#8220; _builder_version=&#8220;4.9.7&#8243; max_width=&#8220;200px&#8220; max_width_tablet=&#8220;&#8220; max_width_phone=&#8220;120px&#8220; max_width_last_edited=&#8220;on|phone&#8220; custom_margin=&#8220;-29px|-8vw|||false|false&#8220; custom_margin_tablet=&#8220;-28px|-14vw|-109px||false|false&#8220; custom_margin_phone=&#8220;-35px|-19vw|-54px||false|false&#8220; custom_margin_last_edited=&#8220;on|tablet&#8220; always_center_on_mobile=&#8220;off&#8220; locked=&#8220;off&#8220;][\/et_pb_image][et_pb_text _builder_version=&#8220;3.29.3&#8243; header_font=&#8220;||||||||&#8220; header_2_font=&#8220;Muli|800||on|||||&#8220; header_2_font_size=&#8220;12px&#8220; header_2_letter_spacing=&#8220;0.7em&#8220; transform_scale_tablet=&#8220;&#8220; transform_scale_phone=&#8220;&#8220; transform_scale_last_edited=&#8220;on|tablet&#8220; transform_translate=&#8220;-100px|0px&#8220; transform_translate_tablet=&#8220;0px|0px&#8220; transform_translate_phone=&#8220;&#8220; transform_translate_last_edited=&#8220;on|tablet&#8220; transform_translate_linked=&#8220;off&#8220; transform_rotate=&#8220;0deg|0deg|270deg&#8220; transform_rotate_tablet=&#8220;0deg|0deg|0deg&#8220; transform_rotate_phone=&#8220;&#8220; transform_rotate_last_edited=&#8220;on|desktop&#8220; transform_skew_tablet=&#8220;&#8220; transform_skew_phone=&#8220;&#8220; transform_skew_last_edited=&#8220;on|desktop&#8220; transform_origin=&#8220;0%|50%&#8220; transform_origin_tablet=&#8220;&#8220; transform_origin_phone=&#8220;&#8220; transform_origin_last_edited=&#8220;on|desktop&#8220; transform_styles_last_edited=&#8220;on|tablet&#8220; max_width=&#8220;150px&#8220; custom_margin=&#8220;||-60px&#8220; custom_margin_tablet=&#8220;||20px&#8220; custom_margin_phone=&#8220;&#8220; custom_margin_last_edited=&#8220;on|tablet&#8220; transform_styles_tablet=&#8220;&#8220; transform_styles_phone=&#8220;&#8220; locked=&#8220;off&#8220;]<\/p>\n<h2>Chronik<\/h2>\n<p>[\/et_pb_text][et_pb_text _builder_version=&#8220;4.9.7&#8243; text_font=&#8220;Muli||||||||&#8220; text_font_size=&#8220;17px&#8220; text_line_height=&#8220;2em&#8220; header_font=&#8220;||||||||&#8220; header_3_font=&#8220;Montserrat|600|||||||&#8220; header_3_font_size=&#8220;70px&#8220; header_3_line_height=&#8220;1.2em&#8220; background_color=&#8220;RGBA(0,0,0,0)&#8220; background_color_gradient_direction=&#8220;90deg&#8220; max_width=&#8220;700px&#8220; custom_margin=&#8220;-126px||0px|-70px||&#8220; custom_margin_tablet=&#8220;0px||20px&#8220; custom_margin_phone=&#8220;|||-56px&#8220; custom_margin_last_edited=&#8220;on|phone&#8220; text_font_size_tablet=&#8220;&#8220; text_font_size_phone=&#8220;15px&#8220; text_font_size_last_edited=&#8220;on|desktop&#8220; text_line_height_tablet=&#8220;&#8220; text_line_height_phone=&#8220;1.7em&#8220; text_line_height_last_edited=&#8220;on|phone&#8220; header_3_font_size_tablet=&#8220;50px&#8220; header_3_font_size_phone=&#8220;30px&#8220; header_3_font_size_last_edited=&#8220;on|phone&#8220;]<\/p>\n<h3>Die Geschichte<\/h3>\n<h3>des F\u00f6rdervereins<\/h3>\n<p>&nbsp;<\/p>\n<p>[\/et_pb_text][\/et_pb_column][\/et_pb_row][\/et_pb_section][et_pb_section fb_built=&#8220;1&#8243; _builder_version=&#8220;4.9.7&#8243; _module_preset=&#8220;default&#8220; custom_margin=&#8220;||-29px|||&#8220; custom_margin_tablet=&#8220;||-29px||false|false&#8220; custom_margin_phone=&#8220;&#8220; custom_margin_last_edited=&#8220;on|tablet&#8220;][et_pb_row _builder_version=&#8220;4.6.0&#8243; _module_preset=&#8220;default&#8220;][et_pb_column type=&#8220;4_4&#8243; _builder_version=&#8220;4.6.0&#8243; _module_preset=&#8220;default&#8220;][et_pb_text _builder_version=&#8220;4.9.7&#8243; _module_preset=&#8220;default&#8220; text_font=&#8220;|300|||||||&#8220; text_font_size=&#8220;17px&#8220; header_4_text_color=&#8220;#d2ad6d&#8220; header_4_font_size=&#8220;35px&#8220; header_6_text_color=&#8220;#4d6474&#8243; header_6_font_size=&#8220;12px&#8220; width=&#8220;80%&#8220; module_alignment=&#8220;center&#8220; text_font_size_tablet=&#8220;&#8220; text_font_size_phone=&#8220;15px&#8220; text_font_size_last_edited=&#8220;on|phone&#8220;]<\/p>\n<h4>GEMEINSAM AUF DEM WEG<\/h4>\n<p>&nbsp;<\/p>\n<p>Vor 25 Jahren wurde der F\u00f6rderverein Sch\u00f6nfeld von einigen unbeirrbaren Idealisten als gemeinn\u00fctziger und politisch unabh\u00e4ngiger Verein gegr\u00fcndet. Bei der ersten Sitzung des Proponentenkomitees am 22.08.1994 wurde der Gr\u00fcndungsbeschluss gefasst, anl\u00e4sslich der Gr\u00fcndungsversammlung unter dem Motto: \u201eGemeinsam f\u00fcr Steinfeld\u201c erfolgte dann am 22.11.1994 die \u00f6ffentliche Vorstellung des Vereines, seiner Ziele und Visionen.<\/p>\n<p>Zu ihnen z\u00e4hlen die Kulturarbeit und Geschichtsaufarbeitung, die Unterst\u00fctzung von zukunftsorientierten Entwicklungskonzepten des Ortes und die Renovierung, Revitalisierung sowie Instandhaltung des Jordanhofes als Sitz des Vereines. Zur Unterst\u00fctzung der Vereinst\u00e4tigkeiten dient die viertelj\u00e4hrliche Herausgabe der unabh\u00e4ngigen Zeitschrift \u201eDer Steinfelder\u201c.<\/p>\n<p>&nbsp;<\/p>\n<h4><img decoding=\"async\" loading=\"lazy\" src=\"https:\/\/jordanhof.at\/backend_anmelden\/wp-content\/uploads\/2020\/11\/1999-06-26-Ausstellung-Weiss-00Obereder-Laggner-Rose-1000x681.jpg\" width=\"1000\" height=\"681\" alt=\"\" class=\"wp-image-838 alignnone size-medium\" srcset=\"https:\/\/jordanhof.at\/backend_anmelden\/wp-content\/uploads\/2020\/11\/1999-06-26-Ausstellung-Weiss-00Obereder-Laggner-Rose-1000x681.jpg 1000w, https:\/\/jordanhof.at\/backend_anmelden\/wp-content\/uploads\/2020\/11\/1999-06-26-Ausstellung-Weiss-00Obereder-Laggner-Rose-980x667.jpg 980w, https:\/\/jordanhof.at\/backend_anmelden\/wp-content\/uploads\/2020\/11\/1999-06-26-Ausstellung-Weiss-00Obereder-Laggner-Rose-480x327.jpg 480w\" sizes=\"(min-width: 0px) and (max-width: 480px) 480px, (min-width: 481px) and (max-width: 980px) 980px, (min-width: 981px) 1000px, 100vw\" \/><\/h4>\n<h6>Besucher bei einer der ersten Kunstausstellungen 1996<\/h6>\n<p>&nbsp;<\/p>\n<p>Im Mai 1995 er\u00f6ffnete der FV sein neues Vereinslokal in der ehemaligen \u201eKaplanei\u201c, in kleinen Wandvitrinen pr\u00e4sentierten die Gr\u00fcndungsmitglieder Johanna und Ludwig Maurer erstmals Teile ihrer wertvollen Mineraliensammlung. Es folgte das erste Jordanhoffest und die Teilnahme am Knappenmarkt mit dem Verkauf von \u201eF\u00f6rderplaketten\u201c, deren Erl\u00f6s f\u00fcr die Renovierung des Hauses verwendet wurde. 1997 baute man neue Fenster ein, gab der Fassade einen neuen Anstrich und renovierte die R\u00e4umlichkeiten im Erdgeschoss. 1998 wird das neue Raumkonzept f\u00fcr den MGV, den Gemischten Chor und die Bergrettung im Obergeschoss konkretisiert.<\/p>\n<p>Bauliche Vorhaben f\u00fcr 1999 und 2000 waren der Einbau der Heizung, die Gestaltung der Sanit\u00e4ranlagen und die Verlegung der elektrischen Leitungen im gesamten Haus. Nach dem Abschluss der gro\u00dfen Bauphasen mit 2300 freiwillig geleisteten Stunden von Vereinsmitgliedern und dem Einzug der Vereine zelebrierte man im Juli 2001 ein gemeinsames Er\u00f6ffnungsfest.<\/p>\n<p>&nbsp;<\/p>\n<h4><img decoding=\"async\" loading=\"lazy\" src=\"https:\/\/jordanhof.at\/backend_anmelden\/wp-content\/uploads\/2020\/11\/2005-JHV-03Loigge-Petutschnig-Schwager-1000x750.jpg\" width=\"1000\" height=\"750\" alt=\"\" class=\"wp-image-839 alignnone size-medium\" srcset=\"https:\/\/jordanhof.at\/backend_anmelden\/wp-content\/uploads\/2020\/11\/2005-JHV-03Loigge-Petutschnig-Schwager-1000x750.jpg 1000w, https:\/\/jordanhof.at\/backend_anmelden\/wp-content\/uploads\/2020\/11\/2005-JHV-03Loigge-Petutschnig-Schwager-980x735.jpg 980w, https:\/\/jordanhof.at\/backend_anmelden\/wp-content\/uploads\/2020\/11\/2005-JHV-03Loigge-Petutschnig-Schwager-480x360.jpg 480w\" sizes=\"(min-width: 0px) and (max-width: 480px) 480px, (min-width: 481px) and (max-width: 980px) 980px, (min-width: 981px) 1000px, 100vw\" \/><\/h4>\n<h6>Jahreshauptversammlung 2005: Reinhold Loigge, Alois Petutschnig, Kurt Schwager (vlnr)<\/h6>\n<p>&nbsp;<\/p>\n<p>Besonderer Dank erging dabei an Reinhold Loigge f\u00fcr seinen unerm\u00fcdlichen Einsatz und das Koordinieren s\u00e4mtlicher Arbeiten und Arbeitsgruppen, f\u00fcr sein vorbildliches Wirken am Gemeinschaftsprojekt Jordanhof! Seine Arbeit gemeinsam mit dem Vorstand des Vereines war ein H\u00f6hepunkt in der Vereinsgeschichte! Die Fr\u00fcchte der regen Baut\u00e4tigkeit sind heute an dem voll funktionsf\u00e4higen Haus zu sehen!<\/p>\n<p>Finanzielle Mittel flossen von Seiten der Marktgemeinde Steinfeld, des Landes K\u00e4rnten und der EU. Viele Veranstaltungen begleiteten den aufw\u00e4ndigen Umbau. Vortr\u00e4ge, Ausstellungen und Feste unterst\u00fctzten die Entstehungsphase des neuen Jordanhofes. Alle aufzuz\u00e4hlen w\u00fcrde den Rahmen unserer Seiten sprengen.<\/p>\n<p>&nbsp;<\/p>\n<h4><img decoding=\"async\" loading=\"lazy\" src=\"https:\/\/jordanhof.at\/backend_anmelden\/wp-content\/uploads\/2020\/11\/2009-Kulturreise-Oberkaernten-051-1000x667.jpg\" width=\"1000\" height=\"667\" alt=\"\" class=\"wp-image-841 alignnone size-medium\" srcset=\"https:\/\/jordanhof.at\/backend_anmelden\/wp-content\/uploads\/2020\/11\/2009-Kulturreise-Oberkaernten-051-1000x667.jpg 1000w, https:\/\/jordanhof.at\/backend_anmelden\/wp-content\/uploads\/2020\/11\/2009-Kulturreise-Oberkaernten-051-980x653.jpg 980w, https:\/\/jordanhof.at\/backend_anmelden\/wp-content\/uploads\/2020\/11\/2009-Kulturreise-Oberkaernten-051-480x320.jpg 480w\" sizes=\"(min-width: 0px) and (max-width: 480px) 480px, (min-width: 481px) and (max-width: 980px) 980px, (min-width: 981px) 1000px, 100vw\" \/><\/h4>\n<h6>Kulturreise Oberk\u00e4rnten 2009 mit den damaligen Mitgliedern des F\u00f6rdervereins<\/h6>\n<p>&nbsp;<\/p>\n<p>Zu den Gr\u00fcndungsmitgliedern z\u00e4hlten Dr. Dr. Alexander Appenroth (Pr\u00e4sident), Ing. Peter Globocnik (Obmann), Mag. Fritz Rathke (Obmann-Stv.), Alois Petutschnig (Kassier), Reinhold Loigge (Kassier-Stv.), Traude Stopper (Schriftf\u00fchrer), Waltraud Thaler (Schriftf\u00fchrer-Stv.), Hans Obereder, Kurt Schwager (Kassapr\u00fcfer), Dorli Rose, Gerd Unterkreuter (Archivare), Alois W. Rauter (Vereinskoordinator), Erich Rose (Grafiker), Dr. Alfred Elste, Dr. Wilhelm Thaler (Geschichte), Stefan Wei\u00df, Valentin Tributsch (Restauration), Hanni und Ludwig Maurer (Mineralien), Hans M\u00f6\u00dflacher (Elektrik), Viktor Sulzenbacher (Tischler), Helmut Fian sen. (Schlosser), Sepp Pirker (Maurer).<\/p>\n<p>Nach dem R\u00fccktritt von Ing. Peter Globocnik (10.02.1996) folgte Mag. Fritz Rathke mit Stv. Reinhold Tschabitscher bis 01.11.1996. Als gesch\u00e4ftsf\u00fchrender Obmann leitete Reinhold Tschabitscher mit Stv. Kurt Schwager den Verein bis 21.01.1999, danach \u00fcbernahm Kurt Schwager mit Stv. Reinhold Loigge bis 20.04.2008 die Vereinsleitung. Im Herbst 2008 trat auch Reinhold Loigge aus Gesundheitsgr\u00fcnden zur\u00fcck und Alois W. Rauter \u00fcbernahm als gesch\u00e4ftsf\u00fchrender Obmann und ab 02.10.2009 als Obmann mit Stv. Mag. Barbara Hutter-Klammer (R\u00fccktritt 2010) die Leitung bis zu seinem offiziellen R\u00fccktritt am 16.10.2014. Ab diesem Zeitpunkt f\u00fchrt Hildegard Guggenberger mit Stv. Roland Wunder, der im Dezember 2015 seinen R\u00fccktritt bekannt gab, bis heute den Verein.<\/p>\n<p>&nbsp;<\/p>\n<h4><img decoding=\"async\" loading=\"lazy\" src=\"https:\/\/jordanhof.at\/backend_anmelden\/wp-content\/uploads\/2020\/11\/Ehrung-fuer-25-Jahre-Vereinstreue-11.4.2019-1000x909.jpg\" width=\"1000\" height=\"909\" alt=\"\" class=\"wp-image-842 alignnone size-medium\" srcset=\"https:\/\/jordanhof.at\/backend_anmelden\/wp-content\/uploads\/2020\/11\/Ehrung-fuer-25-Jahre-Vereinstreue-11.4.2019-1000x909.jpg 1000w, https:\/\/jordanhof.at\/backend_anmelden\/wp-content\/uploads\/2020\/11\/Ehrung-fuer-25-Jahre-Vereinstreue-11.4.2019-980x891.jpg 980w, https:\/\/jordanhof.at\/backend_anmelden\/wp-content\/uploads\/2020\/11\/Ehrung-fuer-25-Jahre-Vereinstreue-11.4.2019-480x436.jpg 480w\" sizes=\"(min-width: 0px) and (max-width: 480px) 480px, (min-width: 481px) and (max-width: 980px) 980px, (min-width: 981px) 1000px, 100vw\" \/><\/h4>\n<h6>Obfrau Hildegard Guggenberger \u00fcberreicht den beiden Gr\u00fcndungsmitgliedern Traude Stopper und Alois Petutschnig anl\u00e4sslich 25j\u00e4hriger MItgliedschaft beim F\u00f6rderverein ein kleines Pr\u00e4sent.<\/h6>\n<p>&nbsp;<\/p>\n<p>Besonders stolz sind wir auf unsere beiden Gr\u00fcndungsmitglieder Traude Stopper und Alois Petutschnig, die dem Verein bis heute in ihren Funktionen aktiv zur Seite stehen! Unser aufrichtiger Dank sei ihnen gewiss! <span>\u00a0<\/span><\/p>\n<p>Die Veranstaltungen des F\u00f6rdervereines bieten eine breite Palette der Aufarbeitung von kulturellen und geschichtlichen Themen. Montanistische Tagungen und das traditionelle Jordanhoffest waren und sind nur einige Schwerpunkte. Im Jahr 2009 erhielt die Mineraliensammlung von Johanna Maurer einen eigenen Raum, ihre Leihgabe ist nun als st\u00e4ndige Ausstellung zu besichtigen. Die sorgf\u00e4ltig renovierte Taverne und der sch\u00f6ne Garten k\u00f6nnen f\u00fcr unterschiedlichste Feierlichkeiten gemietet werden. <span>\u00a0<\/span><span>\u00a0<\/span><\/p>\n<p>Um es mit dem Worten meines gesch\u00e4tzten Vorg\u00e4ngers, Alois W. Rauter, zu sagen: \u201eWir verwalten ein wunderbares Haus, nutzen wir es f\u00fcr unsere pers\u00f6nliche, kulturelle und soziale Weiterentwicklung und zeigen wir der \u00d6ffentlichkeit, was ein Miteinander bewirken kann.\u201c<\/p>\n<p>Wir sind dankbar f\u00fcr alle Idealisten unter uns, die unbeirrbar ihren Weg gingen und noch immer gehen, die mit Kreativit\u00e4t, Freude und Leidenschaft zur erfolgreichen 25j\u00e4hrigen Vereinsgeschichte beigetragen haben!<\/p>\n<p>&nbsp;<\/p>\n<p>[\/et_pb_text][\/et_pb_column][\/et_pb_row][\/et_pb_section][et_pb_section fb_built=&#8220;1&#8243; admin_label=&#8220;Image&#8220; _builder_version=&#8220;4.6.0&#8243; background_enable_image=&#8220;off&#8220; background_size=&#8220;initial&#8220; background_position=&#8220;top_center&#8220; locked=&#8220;off&#8220;][et_pb_row _builder_version=&#8220;3.25&#8243; custom_padding=&#8220;||50px|||&#8220;][et_pb_column type=&#8220;4_4&#8243; _builder_version=&#8220;3.25&#8243; custom_padding=&#8220;|||&#8220; custom_padding__hover=&#8220;|||&#8220;][et_pb_text _builder_version=&#8220;4.9.7&#8243; _module_preset=&#8220;default&#8220; header_3_font=&#8220;||||||||&#8220; header_3_text_color=&#8220;#d2ad6d&#8220; header_3_font_size=&#8220;36px&#8220;]<\/p>\n<h3>Obleute in der Geschichte des F\u00f6rdervereins<\/h3>\n<p>[\/et_pb_text][\/et_pb_column][\/et_pb_row][et_pb_row column_structure=&#8220;1_4,1_4,1_4,1_4&#8243; _builder_version=&#8220;4.6.0&#8243; _module_preset=&#8220;default&#8220;][et_pb_column type=&#8220;1_4&#8243; _builder_version=&#8220;4.6.0&#8243; _module_preset=&#8220;default&#8220;][et_pb_blurb title=&#8220;Hildegard Guggenberger&#8220; image=&#8220;https:\/\/jordanhof.at\/backend_anmelden\/wp-content\/uploads\/2020\/11\/ab-Oktober-2014-Hildegard-Guggenberger.jpg&#8220; _builder_version=&#8220;4.6.0&#8243; _module_preset=&#8220;default&#8220; header_font=&#8220;||||||||&#8220; header_text_color=&#8220;#4d6474&#8243; text_orientation=&#8220;center&#8220;]<\/p>\n<p>seit 2014<\/p>\n<p>[\/et_pb_blurb][\/et_pb_column][et_pb_column type=&#8220;1_4&#8243; _builder_version=&#8220;4.6.0&#8243; _module_preset=&#8220;default&#8220;][et_pb_blurb title=&#8220;Alois Rauter&#8220; image=&#8220;https:\/\/jordanhof.at\/backend_anmelden\/wp-content\/uploads\/2021\/07\/Alois-W.-Rauter-Herbst-2008-Okt.-2014.jpg&#8220; _builder_version=&#8220;4.9.10&#8243; _module_preset=&#8220;default&#8220; header_font=&#8220;||||||||&#8220; header_text_color=&#8220;#4d6474&#8243; text_orientation=&#8220;center&#8220; hover_enabled=&#8220;0&#8243; title_text=&#8220;Alois W. Rauter &#8211; Herbst 2008 &#8211; Okt. 2014&#8243; sticky_enabled=&#8220;0&#8243;]<\/p>\n<p>2008-2014<\/p>\n<p>[\/et_pb_blurb][\/et_pb_column][et_pb_column type=&#8220;1_4&#8243; _builder_version=&#8220;4.6.0&#8243; _module_preset=&#8220;default&#8220;][et_pb_blurb title=&#8220;Kurt Schwager&#8220; image=&#8220;https:\/\/jordanhof.at\/backend_anmelden\/wp-content\/uploads\/2021\/07\/Kurt-Schwager-Jaen.-1999-April-2008.jpg&#8220; _builder_version=&#8220;4.9.10&#8243; _module_preset=&#8220;default&#8220; header_font=&#8220;||||||||&#8220; header_text_color=&#8220;#4d6474&#8243; text_orientation=&#8220;center&#8220; hover_enabled=&#8220;0&#8243; title_text=&#8220;Kurt Schwager &#8211; J\u00e4n. 1999 &#8211; April 2008&#8243; sticky_enabled=&#8220;0&#8243;]<\/p>\n<p>1999-2008<\/p>\n<p>[\/et_pb_blurb][\/et_pb_column][et_pb_column type=&#8220;1_4&#8243; _builder_version=&#8220;4.6.0&#8243; _module_preset=&#8220;default&#8220;][et_pb_blurb title=&#8220;Reinhold Tschabitscher&#8220; image=&#8220;https:\/\/jordanhof.at\/backend_anmelden\/wp-content\/uploads\/2021\/07\/Reinhold-Tschabitscher-Nov.-1996-Jaen.-1999.jpg&#8220; _builder_version=&#8220;4.9.10&#8243; _module_preset=&#8220;default&#8220; header_font=&#8220;||||||||&#8220; header_text_color=&#8220;#4d6474&#8243; text_orientation=&#8220;center&#8220; hover_enabled=&#8220;0&#8243; title_text=&#8220;Reinhold Tschabitscher &#8211; Nov. 1996 &#8211; J\u00e4n. 1999&#8243; sticky_enabled=&#8220;0&#8243;]<\/p>\n<p>1996-1999<\/p>\n<p>[\/et_pb_blurb][\/et_pb_column][\/et_pb_row][et_pb_row column_structure=&#8220;1_4,1_4,1_4,1_4&#8243; _builder_version=&#8220;4.6.0&#8243; _module_preset=&#8220;default&#8220;][et_pb_column type=&#8220;1_4&#8243; _builder_version=&#8220;4.6.0&#8243; _module_preset=&#8220;default&#8220;][et_pb_blurb title=&#8220;Fritz Rathke&#8220; image=&#8220;https:\/\/jordanhof.at\/backend_anmelden\/wp-content\/uploads\/2021\/07\/Mag.-Fritz-Rathke-Feb.-1996-Nov.-1996.jpg&#8220; _builder_version=&#8220;4.9.10&#8243; _module_preset=&#8220;default&#8220; header_font=&#8220;||||||||&#8220; header_text_color=&#8220;#4d6474&#8243; text_orientation=&#8220;center&#8220; hover_enabled=&#8220;0&#8243; title_text=&#8220;Mag. Fritz Rathke &#8211; Feb. 1996 &#8211; Nov. 1996&#8243; sticky_enabled=&#8220;0&#8243;]<\/p>\n<p>1996<\/p>\n<p>[\/et_pb_blurb][\/et_pb_column][et_pb_column type=&#8220;1_4&#8243; _builder_version=&#8220;4.6.0&#8243; _module_preset=&#8220;default&#8220;][et_pb_blurb title=&#8220;Peter Globocnik&#8220; image=&#8220;https:\/\/jordanhof.at\/backend_anmelden\/wp-content\/uploads\/2021\/07\/Ing.-Peter-Globocnik-Nov.-1994-Feb.-1996.jpg&#8220; _builder_version=&#8220;4.9.10&#8243; _module_preset=&#8220;default&#8220; header_font=&#8220;||||||||&#8220; header_text_align=&#8220;center&#8220; header_text_color=&#8220;#4d6474&#8243; body_text_align=&#8220;center&#8220; hover_enabled=&#8220;0&#8243; title_text=&#8220;Ing. Peter Globocnik &#8211; Nov. 1994 &#8211; Feb. 1996&#8243; sticky_enabled=&#8220;0&#8243;]<\/p>\n<p>1994-1996<\/p>\n<p>[\/et_pb_blurb][\/et_pb_column][et_pb_column type=&#8220;1_4&#8243; _builder_version=&#8220;4.6.0&#8243; _module_preset=&#8220;default&#8220;][\/et_pb_column][et_pb_column type=&#8220;1_4&#8243; _builder_version=&#8220;4.6.0&#8243; _module_preset=&#8220;default&#8220;][\/et_pb_column][\/et_pb_row][\/et_pb_section]<\/p>\n","protected":false},"excerpt":{"rendered":"<p>ChronikDie Geschichte des F\u00f6rdervereins &nbsp;GEMEINSAM AUF DEM WEG &nbsp; Vor 25 Jahren wurde der F\u00f6rderverein Sch\u00f6nfeld von einigen unbeirrbaren Idealisten als gemeinn\u00fctziger und politisch unabh\u00e4ngiger Verein gegr\u00fcndet. Bei der ersten Sitzung des Proponentenkomitees am 22.08.1994 wurde der Gr\u00fcndungsbeschluss gefasst, anl\u00e4sslich der Gr\u00fcndungsversammlung unter dem Motto: \u201eGemeinsam f\u00fcr Steinfeld\u201c erfolgte dann am 22.11.1994 die \u00f6ffentliche Vorstellung [&hellip;]<\/p>\n","protected":false},"author":1,"featured_media":0,"parent":44,"menu_order":0,"comment_status":"closed","ping_status":"closed","template":"","meta":{"_et_pb_use_builder":"on","_et_pb_old_content":"","_et_gb_content_width":""},"_links":{"self":[{"href":"https:\/\/jordanhof.at\/index.php\/wp-json\/wp\/v2\/pages\/60"}],"collection":[{"href":"https:\/\/jordanhof.at\/index.php\/wp-json\/wp\/v2\/pages"}],"about":[{"href":"https:\/\/jordanhof.at\/index.php\/wp-json\/wp\/v2\/types\/page"}],"author":[{"embeddable":true,"href":"https:\/\/jordanhof.at\/index.php\/wp-json\/wp\/v2\/users\/1"}],"replies":[{"embeddable":true,"href":"https:\/\/jordanhof.at\/index.php\/wp-json\/wp\/v2\/comments?post=60"}],"version-history":[{"count":19,"href":"https:\/\/jordanhof.at\/index.php\/wp-json\/wp\/v2\/pages\/60\/revisions"}],"predecessor-version":[{"id":1322,"href":"https:\/\/jordanhof.at\/index.php\/wp-json\/wp\/v2\/pages\/60\/revisions\/1322"}],"up":[{"embeddable":true,"href":"https:\/\/jordanhof.at\/index.php\/wp-json\/wp\/v2\/pages\/44"}],"wp:attachment":[{"href":"https:\/\/jordanhof.at\/index.php\/wp-json\/wp\/v2\/media?parent=60"}],"curies":[{"name":"wp","href":"https:\/\/api.w.org\/{rel}","templated":true}]}}